{"id":1397,"date":"2020-11-01T22:05:48","date_gmt":"2020-11-01T21:05:48","guid":{"rendered":"https:\/\/serwer1521494.home.pl\/webkreacja.pl\/projekty\/osrodekchrobry\/?page_id=1397"},"modified":"2025-01-22T15:32:27","modified_gmt":"2025-01-22T14:32:27","slug":"pokoje","status":"publish","type":"page","link":"https:\/\/gorzelanny.pl\/hotel-gorzelanny\/pokoje\/","title":{"rendered":"Pokoje"},"content":{"rendered":"<p>[vc_row][vc_column][vc_separator color=&#8221;chino&#8221; style=&#8221;shadow&#8221; border_width=&#8221;3&#8243;][vc_column_text]<\/p>\n<h3 style=\"text-align: center;\"><strong>W sk\u0142ad Hotelu Gorzelanny wchodz\u0105 2 obiekty &#8211; obiekt g\u0142\u00f3wny o standardzie ****\u00a0 <\/strong><\/h3>\n<h3 style=\"text-align: center;\"><strong>oraz segment B &#8211; CARINA o standardzie ***<\/strong><\/h3>\n<p>[\/vc_column_text][vc_separator color=&#8221;chino&#8221; style=&#8221;shadow&#8221; border_width=&#8221;3&#8243;][\/vc_column][\/vc_row][vc_row][vc_column width=&#8221;2\/3&#8243;][vc_empty_space][vc_column_text]<\/p>\n<h2 style=\"text-align: center;\">HOTEL GORZELANNY ****<\/h2>\n<p>[\/vc_column_text][vc_empty_space][vc_column_text]W Hotelu Gorzelanny**** oferujemy 36 pokoi klasy standard oraz 1 apartament Deluxe, wszystkie zaprojektowane z my\u015bl\u0105 o zapewnieniu najwy\u017cszego komfortu i wygody. \ud83c\udf1f\ud83d\udecf\ufe0f Posiadamy r\u00f3wnie\u017c przestronne pokoje dla os\u00f3b niepe\u0142nosprawnych, gdzie poruszanie si\u0119 jest ca\u0142kowicie bezproblemowe. \ud83d\udeaa\u267f<\/p>\n<p><strong>Standardowe wyposa\u017cenie ka\u017cdego pokoju w naszym hotelu obejmuje:<\/strong><\/p>\n<ul>\n<li>\ud83c\udf10 <strong>Bezprzewodowy Internet<\/strong><\/li>\n<li>\ud83d\udcde <strong>Telefon<\/strong><\/li>\n<li>\ud83d\udcfa <strong>Telewizor<\/strong><\/li>\n<li>\ud83e\uddca <strong>Lod\u00f3wka<\/strong><\/li>\n<li>\ud83d\udebf <strong>\u0141azienka z kabin\u0105 prysznicow\u0105 z niskim brodzikiem i suszark\u0105<\/strong><\/li>\n<li>\ud83d\udcdd <strong>Wygodne biurko do pracy<\/strong><\/li>\n<\/ul>\n<p>[\/vc_column_text][vc_tta_accordion style=&#8221;modern&#8221; color=&#8221;chino&#8221; c_align=&#8221;center&#8221; c_icon=&#8221;&#8221; active_section=&#8221;&#8221;][vc_tta_section i_icon_fontawesome=&#8221;far fa-money-bill-alt&#8221; add_icon=&#8221;true&#8221; title=&#8221;CENNIK POKOI (SEZON WYSOKI &#8211; LIPIEC-SIERPIE\u0143 2025)&#8221; tab_id=&#8221;1737555603721-a0f48418-3684&#8243;][vc_column_text]<\/p>\n<table class=\"table\">\n<thead>\n<tr>\n<th>Hotel Gorzelanny ****<\/th>\n<th>Cena<\/th>\n<th>Dostawka<\/th>\n<\/tr>\n<\/thead>\n<tbody>\n<tr>\n<td>Pok\u00f3j 1 &#8211; osobowy Standard<\/td>\n<td>360z\u0142<\/td>\n<td>100z\u0142\/os.<\/td>\n<\/tr>\n<tr>\n<td>Pok\u00f3j 2 &#8211; osobowy Standard<\/td>\n<td>590z\u0142<\/td>\n<td>100z\u0142\/os.<\/td>\n<\/tr>\n<\/tbody>\n<thead><\/thead>\n<\/table>\n<h6>* Dzieci w wieku do lat 3 w pokoju lub apartamencie rodzic\u00f3w &#8211; bezp\u0142atnie.<br \/>\n* Dzieci w wieku 3-12 lat &#8211; dostawka<\/h6>\n<p><b>W cenie oferujemy:<\/b><\/p>\n<ul>\n<li>smaczne \u015bniadanie w formie bufetu szwedzkiego w godzinach 08.00 \u2013 10.00<\/li>\n<li>korzystanie z sali fitness<\/li>\n<li>korzystanie z basenu, jacuzzi, sauny suchej, \u0142a\u017ani parowej<\/li>\n<\/ul>\n<p>[\/vc_column_text][\/vc_tta_section][vc_tta_section i_icon_fontawesome=&#8221;far fa-money-bill-alt&#8221; add_icon=&#8221;true&#8221; title=&#8221;CENNIK POKOI (SEZON NISKI 2025)&#8221; tab_id=&#8221;1737555603767-3dadcf69-76a4&#8243;][vc_column_text]<\/p>\n<table class=\"table\">\n<thead>\n<tr>\n<th>Hotel Gorzelanny ****<\/th>\n<th>Cena<\/th>\n<th>Dostawka<\/th>\n<\/tr>\n<\/thead>\n<tbody>\n<tr>\n<td>Pok\u00f3j 1 &#8211; osobowy Standard<\/td>\n<td>320z\u0142<\/td>\n<td>100z\u0142\/os.<\/td>\n<\/tr>\n<tr>\n<td>Pok\u00f3j 2 &#8211; osobowy Standard<\/td>\n<td>460z\u0142<\/td>\n<td>100z\u0142\/os.<\/td>\n<\/tr>\n<\/tbody>\n<thead><\/thead>\n<\/table>\n<h6>* Dzieci w wieku do lat 3 w pokoju lub apartamencie rodzic\u00f3w &#8211; bezp\u0142atnie.<br \/>\n* Dzieci w wieku 3-12 lat &#8211; dostawka<\/h6>\n<p><b>W cenie oferujemy:<\/b><\/p>\n<ul>\n<li>smaczne \u015bniadanie w formie bufetu szwedzkiego w godzinach 08.00 \u2013 10.00<\/li>\n<li>korzystanie z sali fitness<\/li>\n<li>korzystanie z basenu, jacuzzi, sauny suchej, \u0142a\u017ani parowej<\/li>\n<\/ul>\n<p>[\/vc_column_text][\/vc_tta_section][\/vc_tta_accordion][\/vc_column][vc_column width=&#8221;1\/3&#8243;][vc_media_grid element_width=&#8221;12&#8243; grid_id=&#8221;vc_gid:1737556333355-eaffab44-42ce-10&#8243; include=&#8221;2416,2355&#8243;][\/vc_column][\/vc_row][vc_row][vc_column][vc_empty_space][vc_separator color=&#8221;chino&#8221; style=&#8221;shadow&#8221; border_width=&#8221;3&#8243;][vc_empty_space][\/vc_column][\/vc_row][vc_row][vc_column width=&#8221;1\/3&#8243;][vc_media_grid element_width=&#8221;12&#8243; grid_id=&#8221;vc_gid:1737556333356-9ac1fe2f-3009-10&#8243; include=&#8221;2588,2353&#8243;][\/vc_column][vc_column width=&#8221;2\/3&#8243;][vc_empty_space][vc_column_text]<\/p>\n<h2 style=\"text-align: center;\">HOTEL CARINA ***<\/h2>\n<p>[\/vc_column_text][vc_empty_space][vc_column_text]<strong>W segmencie B (CARINA) ***<\/strong> proponujemy Pa\u0144stwu przestronne pokoje jedno i dwuosobowe, wyposa\u017cone w \u0142azienki, TV-Sat, \u0142\u0105cza internetowe, balkony oraz mini-bary. \ud83d\udecf\ufe0f\ud83d\udebf\ud83d\udcfa Wiemy, jak wa\u017cny jest komfort, dlatego nasz przestronny apartament, wyposa\u017cony m.in. w mini-spa, zadowoli nawet najbardziej wymagaj\u0105cych klient\u00f3w. \ud83d\udec1\u2728<\/p>\n<p>Serdecznie zapraszamy do skorzystania z naszych us\u0142ug, gdzie elegancja i wygoda id\u0105 w parze! \ud83c\udf1f\ud83d\ude0a[\/vc_column_text][vc_tta_accordion style=&#8221;modern&#8221; color=&#8221;chino&#8221; c_align=&#8221;center&#8221; c_icon=&#8221;&#8221; active_section=&#8221;&#8221;][vc_tta_section i_icon_fontawesome=&#8221;far fa-money-bill-alt&#8221; add_icon=&#8221;true&#8221; title=&#8221;CENNIK POKOI (SEZON WYSOKI &#8211; LIPIEC-SIERPIE\u0143 2025)&#8221; tab_id=&#8221;1737555521182-e20c30bd-f793&#8243;][vc_column_text]<\/p>\n<table class=\"table\">\n<thead><\/thead>\n<thead>\n<tr>\n<th>Hotel Carina ***<\/th>\n<th>Cena<\/th>\n<th>Dostawka<\/th>\n<\/tr>\n<\/thead>\n<tbody>\n<tr>\n<td>Pok\u00f3j 1-osobowy<\/td>\n<td>340z\u0142<\/td>\n<td>80z\u0142\/os.<\/td>\n<\/tr>\n<tr>\n<td>Pok\u00f3j 2-osobowy<\/td>\n<td>490z\u0142<\/td>\n<td>80z\u0142\/os.<\/td>\n<\/tr>\n<\/tbody>\n<\/table>\n<h6>* Dzieci w wieku do lat 3 w pokoju lub apartamencie rodzic\u00f3w &#8211; bezp\u0142atnie.<br \/>\n* Dzieci w wieku 3-12 lat &#8211; dostawka<\/h6>\n<p><b>W cenie oferujemy:<\/b><\/p>\n<ul>\n<li>smaczne \u015bniadanie w formie bufetu szwedzkiego w godzinach 08.00 \u2013 10.00<\/li>\n<li>korzystanie z sali fitness<\/li>\n<li>korzystanie z basenu, jacuzzi, sauny suchej, \u0142a\u017ani parowej<\/li>\n<\/ul>\n<p>[\/vc_column_text][\/vc_tta_section][vc_tta_section i_icon_fontawesome=&#8221;far fa-money-bill-alt&#8221; add_icon=&#8221;true&#8221; title=&#8221;CENNIK POKOI (SEZON NISKI 2025)&#8221; tab_id=&#8221;1737555521231-16dbb581-1cdf&#8221;][vc_column_text]<\/p>\n<table class=\"table\">\n<thead><\/thead>\n<thead>\n<tr>\n<th>Hotel Carina ***<\/th>\n<th>Cena<\/th>\n<th>Dostawka<\/th>\n<\/tr>\n<\/thead>\n<tbody>\n<tr>\n<td>Pok\u00f3j 1-osobowy<\/td>\n<td>240z\u0142<\/td>\n<td>80z\u0142\/os.<\/td>\n<\/tr>\n<tr>\n<td>Pok\u00f3j 2-osobowy<\/td>\n<td>380z\u0142<\/td>\n<td>80z\u0142\/os.<\/td>\n<\/tr>\n<\/tbody>\n<\/table>\n<h6>* Dzieci w wieku do lat 3 w pokoju lub apartamencie rodzic\u00f3w &#8211; bezp\u0142atnie.<br \/>\n* Dzieci w wieku 3-12 lat &#8211; dostawka<\/h6>\n<p><b>W cenie oferujemy:<\/b><\/p>\n<ul>\n<li>smaczne \u015bniadanie w formie bufetu szwedzkiego w godzinach 08.00 \u2013 10.00<\/li>\n<li>korzystanie z sali fitness<\/li>\n<li>korzystanie z basenu, jacuzzi, sauny suchej, \u0142a\u017ani parowej<\/li>\n<\/ul>\n<p>[\/vc_column_text][\/vc_tta_section][\/vc_tta_accordion][\/vc_column][\/vc_row][vc_row][vc_column][stm_spacer height=&#8221;50&#8243;][vc_separator color=&#8221;chino&#8221; style=&#8221;shadow&#8221; border_width=&#8221;3&#8243;][vc_tta_accordion style=&#8221;modern&#8221; color=&#8221;chino&#8221; c_align=&#8221;center&#8221; c_icon=&#8221;&#8221; active_section=&#8221;&#8221;][vc_tta_section i_icon_fontawesome=&#8221;stmicon-library_books&#8221; add_icon=&#8221;true&#8221; title=&#8221;DODATKOWE INFORMACJE &#8211; KLIKNIJ TUTAJ&#8221; tab_id=&#8221;1618404494888-f7480cb9-1c93&#8243;][vc_column_text]<\/p>\n<h6>W przypadku z rezygnacji z dokonanej rezerwacji, wp\u0142acone pieni\u0105dze nie podlegaj\u0105 zwrotowi. Hotel wp\u0142acony zadatek zatrzyma. Hotel mo\u017ce jednak zaproponowa\u0107 Klientowi inny termin realizacji pobytu<\/h6>\n<hr \/>\n<h6><strong>Hotel Gorzelanny **** przyjmuje go\u015bci wraz z ich pupilami \u2013 zwierz\u0119tami domowymi &#8211; za dodatkow\u0105 op\u0142at\u0105<\/strong> wskazan\u0105 w cenniku. Podczas dokonywania rezerwacji pobytu nale\u017cy poinformowa\u0107 o przyje\u017adzie z psem lub kotem. Zobowi\u0105zujemy naszych go\u015bci do przestrzegania naszego regulaminu.<\/h6>\n<hr \/>\n<h6><strong>Regulamin pobytu zwierz\u0105t na terenie hotelu:<\/strong><br \/>\n1. W hotelu mog\u0105 przebywa\u0107 tylko zwierz\u0119ta domowe (psy nieagresywne i koty).<br \/>\n2. Koszt pobytu ka\u017cdego zwierz\u0119cia w hotelu wynosi 50z\u0142 za dob\u0119\/ zwierz\u0119ta do 15kg i 100 z\u0142 za dob\u0119\/ zwierz\u0119ta powy\u017cej 15 kg<br \/>\n3. Zwierz\u0119ta powinny by\u0107 trzymane w pokojach w\u0142a\u015bcicieli.<br \/>\n4. Psy musz\u0105 by\u0107 wyprowadzane na smyczy i w kaga\u0144cu, pod opiek\u0105 w\u0142a\u015bciciela b\u0105d\u017a osoby upowa\u017cnionej.<br \/>\n5. Obowi\u0105zuje bezwzgl\u0119dny zakaz wprowadzania zwierz\u0105t do restauracji, kr\u0119gielni parku Rosenau oraz SPA.<br \/>\n6. Je\u017celi po\u015bciel w pokoju, w kt\u00f3rym przebywa zwierz\u0119 b\u0119dzie przez nie zabrudzona (sier\u015b\u0107, b\u0142oto) lub uszkodzona, w\u0142a\u015bciciel jest zobowi\u0105zany do odkupienia ca\u0142ego kompletu po\u015bcieli w cenie 100z\u0142 \/szt.<br \/>\n7. W\u0142a\u015bciciele ps\u00f3w s\u0105 zobowi\u0105zani do sprz\u0105tania nieczysto\u015bci pozostawionych przez psy na terenie oraz w otoczeniu hotelu.<br \/>\n8. W\u0142a\u015bciciele kot\u00f3w musz\u0105 posiada\u0107 kuwet\u0119 z piaskiem i opr\u00f3\u017cnia\u0107 j\u0105 do plastikowej torby.<br \/>\n9. \u017badne ze zwierz\u0105t nie powinno by\u0107 pozostawione samo w pokoju je\u017celi w tym czasie zak\u0142\u00f3ca spok\u00f3j innych go\u015bci i nie d\u0142u\u017cej ni\u017c 20 minut.<br \/>\n10. Wszystkie szkody w mieniu hotelu, b\u0105d\u017a mieniu innych go\u015bci spowodowane przez zwierz\u0119ta b\u0119d\u0105 wyceniane przez dyrekcj\u0119 hotelu, a ich kosztami b\u0119d\u0105 obci\u0105\u017ceni w\u0142a\u015bciciele.<br \/>\n11. Za niepoinformowanie recepcji hotelu o posiadaniu zwierz\u0119cia w pokoju, zostanie na\u0142o\u017cona kara w wysoko\u015bci 300z\u0142.<\/h6>\n<hr \/>\n<h6>Specjalnie dla Pa\u0144stwa Hotel Gorzelanny oferuje nast\u0119puj\u0105ce us\u0142ugi dodatkowe:<\/h6>\n<ul>\n<li>\n<h6>budzenie na \u017cyczenie Go\u015bcia<\/h6>\n<\/li>\n<li>\n<h6>sejf do dyspozycji Go\u015bci hotelowych<\/h6>\n<\/li>\n<li>\n<h6>przechowalnia baga\u017cu<\/h6>\n<\/li>\n<li>\n<h6>taxi service<\/h6>\n<\/li>\n<li>\n<h6>pralnia na zam\u00f3wienie Go\u015bcia<\/h6>\n<\/li>\n<li>\n<h6>us\u0142uga ksera, drukowanie<\/h6>\n<\/li>\n<li>\n<h6>\u017celazko i deska do dyspozycji Go\u015bci hotelowych dost\u0119pne na recepcji<\/h6>\n<\/li>\n<\/ul>\n<hr \/>\n<h6><strong>Podczas pobytu Go\u015bci, w obiektach mog\u0105 odbywa\u0107 si\u0119 imprezy zorganizowane oraz przyj\u0119cia weselne, kt\u00f3re mog\u0105 zak\u0142\u00f3ca\u0107 cisz\u0119 nocn\u0105. Szczeg\u00f3\u0142owe informacje o terminach imprez mo\u017cna uzyska\u0107 pod numerem telefonu 881 328 081.<\/strong><\/h6>\n<p>[\/vc_column_text][\/vc_tta_section][\/vc_tta_accordion][stm_spacer height=&#8221;50&#8243;][\/vc_column][\/vc_row][vc_row][vc_column][vc_cta h2=&#8221;Masz pytanie? Napisz lub zadzwo\u0144 do nas!&#8221; h4=&#8221;Znajdziemy dla Ciebie idealne rozwi\u0105zanie!&#8221; txt_align=&#8221;center&#8221; shape=&#8221;square&#8221; style=&#8221;3d&#8221; el_width=&#8221;sm&#8221; add_icon=&#8221;left&#8221; i_icon_fontawesome=&#8221;far fa-id-card&#8221; i_color=&#8221;chino&#8221;]<a href=\"mailto:info@hotelgorzelanny.pl\">info@hotelgorzelanny.pl<\/a> \u00a0\u00a0|\u00a0\u00a0 <a href=\"tel::00881328081\">tel. 881 328 081<\/a>[\/vc_cta][\/vc_column][\/vc_row]<\/p>\n","protected":false},"excerpt":{"rendered":"<p>[vc_row][vc_column][vc_separator color=&#8221;chino&#8221; style=&#8221;shadow&#8221; border_width=&#8221;3&#8243;][vc_column_text] W sk\u0142ad Hotelu Gorzelanny wchodz\u0105 2 obiekty &#8211; obiekt g\u0142\u00f3wny o standardzie ****\u00a0 oraz segment B &#8211; CARINA o standardzie *** [\/vc_column_text][vc_separator color=&#8221;chino&#8221; style=&#8221;shadow&#8221; border_width=&#8221;3&#8243;][\/vc_column][\/vc_row][vc_row][vc_column width=&#8221;2\/3&#8243;][vc_empty_space][vc_column_text] HOTEL GORZELANNY **** [\/vc_column_text][vc_empty_space][vc_column_text]W Hotelu Gorzelanny**** oferujemy 36 pokoi klasy standard oraz 1 apartament Deluxe, wszystkie zaprojektowane z my\u015bl\u0105 o zapewnieniu najwy\u017cszego komfortu i wygody. [&hellip;]<\/p>\n","protected":false},"author":1,"featured_media":0,"parent":0,"menu_order":0,"comment_status":"closed","ping_status":"closed","template":"","meta":{"om_disable_all_campaigns":false,"footnotes":""},"categories":[],"class_list":["post-1397","page","type-page","status-publish","hentry"],"_links":{"self":[{"href":"https:\/\/gorzelanny.pl\/hotel-gorzelanny\/wp-json\/wp\/v2\/pages\/1397"}],"collection":[{"href":"https:\/\/gorzelanny.pl\/hotel-gorzelanny\/wp-json\/wp\/v2\/pages"}],"about":[{"href":"https:\/\/gorzelanny.pl\/hotel-gorzelanny\/wp-json\/wp\/v2\/types\/page"}],"author":[{"embeddable":true,"href":"https:\/\/gorzelanny.pl\/hotel-gorzelanny\/wp-json\/wp\/v2\/users\/1"}],"replies":[{"embeddable":true,"href":"https:\/\/gorzelanny.pl\/hotel-gorzelanny\/wp-json\/wp\/v2\/comments?post=1397"}],"version-history":[{"count":95,"href":"https:\/\/gorzelanny.pl\/hotel-gorzelanny\/wp-json\/wp\/v2\/pages\/1397\/revisions"}],"predecessor-version":[{"id":3245,"href":"https:\/\/gorzelanny.pl\/hotel-gorzelanny\/wp-json\/wp\/v2\/pages\/1397\/revisions\/3245"}],"wp:attachment":[{"href":"https:\/\/gorzelanny.pl\/hotel-gorzelanny\/wp-json\/wp\/v2\/media?parent=1397"}],"wp:term":[{"taxonomy":"category","embeddable":true,"href":"https:\/\/gorzelanny.pl\/hotel-gorzelanny\/wp-json\/wp\/v2\/categories?post=1397"}],"curies":[{"name":"wp","href":"https:\/\/api.w.org\/{rel}","templated":true}]}}